{"id":786,"date":"2018-03-13T10:56:50","date_gmt":"2018-03-13T09:56:50","guid":{"rendered":"http:\/\/www.hamel-france.com\/boutique\/?post_type=product&#038;p=786"},"modified":"2025-05-12T12:23:09","modified_gmt":"2025-05-12T10:23:09","slug":"ventilateur-pour-silos-5kw","status":"publish","type":"product","link":"https:\/\/www.hamel-france.com\/boutique\/produit\/ventilateur-pour-silos-5kw\/","title":{"rendered":"Ventilateur 5.5Kw Complet avec coffret \u00e9lectrique c\u00e2bl\u00e9 + fiche + manchette souple Poids : 107Kg"},"content":{"rendered":"<p>Le ventilateur pour silos 5.5 Kw convient pour des silos de :<\/p>\n<ul>\n<li>jusqu&#8217;\u00e0<strong> 4m<\/strong> de hauteur avec un diam\u00e8tre allant de <strong>7.50 \u00e0 9.80<\/strong> m\u00e8tres<\/li>\n<li><strong>4<\/strong> \u00e0 <strong>6m<\/strong> de hauteur avec un diam\u00e8tre allant de <strong>5.40 \u00e0 7.12<\/strong> m\u00e8tres<\/li>\n<li><strong>6<\/strong> \u00e0 <strong>8m <\/strong>de hauteur avec un diam\u00e8tre allant de <strong>2.25 \u00e0 5.34<\/strong> m\u00e8tres<\/li>\n<li><strong>8<\/strong> \u00e0 <strong>10m <\/strong>de hauteur avec un diam\u00e8tre allant de <strong>2.25 \u00e0 3.57<\/strong>m\u00e8tres<\/li>\n<\/ul>\n<p>&nbsp;<\/p>\n<p>D\u00e9bit pour une pression de :<\/p>\n<ul>\n<li>100mm de colonne d\u2019eau de <strong>9 000m3<\/strong>\/heure<\/li>\n<li>150mm de colonne d\u2019eau de <strong>7 500m3<\/strong>\/heure<\/li>\n<li>200mm de colonne d\u2019eau de <strong>6 000m3<\/strong>\/heure<\/li>\n<\/ul>\n<p>&nbsp;<\/p>\n<h3>La puissance du ventilateur 5.5Kw permet de<strong> r\u00e9duire d\u2019environ 30%\u00a0 le temps de ventilation<\/strong> et ainsi <strong>d\u2019\u00e9conomiser environ 30% d\u2019\u00e9nergie<\/strong>.<\/h3>\n<p>&nbsp;<\/p>\n<h4><strong>Le ventilateur pour<\/strong> silos<strong> 5.5Kw est livr\u00e9 avec\u00a0:<\/strong><\/h4>\n<ul>\n<li>Un coffret de commande \u00e9lectrique et de protection mont\u00e9 sur le ch\u00e2ssis, d\u00e9j\u00e0 c\u00e2bl\u00e9, avec disjoncteur et relais thermique.<\/li>\n<li>Une fiche\/prise femelle pour connexion sur coffret <em>(hors fourniture du c\u00e2ble \u00e9lectrique<\/em>).<\/li>\n<li>Buse de sortie \u00d8250mm<\/li>\n<li>Une manchette de raccordement souple PVC et deux sangles de serrage.<\/li>\n<\/ul>\n<p>Vous avez le choix entre 1 manchettede raccordement :<\/p>\n<ul>\n<li>\u00d8270*\u00d8350-Lg : 600mm ou<\/li>\n<li>\u00d8340*\u00d8340-Lg : 600mm ou<\/li>\n<li>\u00d8500*\u00d8500-Lg : 600mm<\/li>\n<\/ul>\n<p><strong>\u00a0\u00a0\u00a0\u00a0\u00a0\u00a0\u00a0\u00a0\u00a0 Mod\u00e8le de manchette \u00e0 sp\u00e9cifier sur la page de la commande <\/strong><strong>dans l&#8217;espace r\u00e9serv\u00e9 aux commentaires<\/strong><strong>. <\/strong><em>(en cas de rupture de stock sur les manchettes le ventilateur ne sera exp\u00e9di\u00e9 que lorsque la commande sera compl\u00e8te, vous pouvez t\u00e9l\u00e9phoner au 05.63.64.48.48 appel non surtax\u00e9 pour connaitre leurs disponibilit\u00e9s.)<\/em><\/p>\n<div class=\"col-2\">\n<div class=\"woocommerce-additional-fields\"><\/div>\n<\/div>\n<p><a href=\"http:\/\/www.hamel-france.com\/boutique\/wp-content\/uploads\/sites\/2\/2018\/02\/raccord-ventilateur-manchon-600-600.jpg\"><img loading=\"lazy\" decoding=\"async\" class=\"aligncenter wp-image-642 size-thumbnail\" src=\"http:\/\/www.hamel-france.com\/boutique\/wp-content\/uploads\/sites\/2\/2018\/02\/raccord-ventilateur-manchon-600-600-150x150.jpg\" alt=\"raccord-ventilateur-manchon\" width=\"150\" height=\"150\" srcset=\"https:\/\/www.hamel-france.com\/boutique\/wp-content\/uploads\/sites\/2\/2018\/02\/raccord-ventilateur-manchon-600-600-150x150.jpg 150w, https:\/\/www.hamel-france.com\/boutique\/wp-content\/uploads\/sites\/2\/2018\/02\/raccord-ventilateur-manchon-600-600-300x300.jpg 300w, https:\/\/www.hamel-france.com\/boutique\/wp-content\/uploads\/sites\/2\/2018\/02\/raccord-ventilateur-manchon-600-600-180x180.jpg 180w, https:\/\/www.hamel-france.com\/boutique\/wp-content\/uploads\/sites\/2\/2018\/02\/raccord-ventilateur-manchon-600-600-24x24.jpg 24w, https:\/\/www.hamel-france.com\/boutique\/wp-content\/uploads\/sites\/2\/2018\/02\/raccord-ventilateur-manchon-600-600-36x36.jpg 36w, https:\/\/www.hamel-france.com\/boutique\/wp-content\/uploads\/sites\/2\/2018\/02\/raccord-ventilateur-manchon-600-600-48x48.jpg 48w, https:\/\/www.hamel-france.com\/boutique\/wp-content\/uploads\/sites\/2\/2018\/02\/raccord-ventilateur-manchon-600-600.jpg 600w\" sizes=\"(max-width: 150px) 100vw, 150px\" \/><\/a><\/p>\n<p>&nbsp;<\/p>\n<h5>Le d\u00e9marrage se fait en \u00e9toile-triangle pour les ventilateurs 5.5Kw.<\/h5>\n<p><strong>Livr\u00e9 pr\u00eat a l\u2019emploi il ne vous reste qu\u2019\u00e0 raccorder votre c\u00e2ble \u00e9lectrique \u00e0 la fiche\u00a0!!<\/strong><\/p>\n<p>Le ventilateur ventilateur pour silos 5.5Kw fonctionne \u00e0 air puls\u00e9 avec un moteur de 400 volts, <strong>2 800 tours\/minute<\/strong>.<\/p>\n<p>Avec un poids de <strong>107 kg<\/strong> le ventilateur vous garantit <strong>robustesse et solidit\u00e9<\/strong>.<\/p>\n<p>Livraison france continentale uniquement.<\/p>\n<p>&nbsp;<\/p>\n<p>&nbsp;<\/p>\n<figure id=\"attachment_540\" aria-describedby=\"caption-attachment-540\" style=\"width: 150px\" class=\"wp-caption aligncenter\"><a href=\"http:\/\/www.hamel-france.com\/boutique\/wp-content\/uploads\/sites\/2\/2018\/01\/courbe-debit-pression-ventilateur.png\"><img loading=\"lazy\" decoding=\"async\" class=\"wp-image-540 size-thumbnail\" src=\"http:\/\/www.hamel-france.com\/boutique\/wp-content\/uploads\/sites\/2\/2018\/01\/courbe-debit-pression-ventilateur-150x150.png\" alt=\"courbe d\u00e9bit ventilateurs\" width=\"150\" height=\"150\" srcset=\"https:\/\/www.hamel-france.com\/boutique\/wp-content\/uploads\/sites\/2\/2018\/01\/courbe-debit-pression-ventilateur-150x150.png 150w, https:\/\/www.hamel-france.com\/boutique\/wp-content\/uploads\/sites\/2\/2018\/01\/courbe-debit-pression-ventilateur-180x180.png 180w, https:\/\/www.hamel-france.com\/boutique\/wp-content\/uploads\/sites\/2\/2018\/01\/courbe-debit-pression-ventilateur-300x300.png 300w\" sizes=\"(max-width: 150px) 100vw, 150px\" \/><\/a><figcaption id=\"caption-attachment-540\" class=\"wp-caption-text\">Cliquez pour zoomer<\/figcaption><\/figure>\n<p>D&#8217;autre mod\u00e8les sont disponibles : <a href=\"https:\/\/www.hamel-france.com\/boutique\/contact\/\" target=\"_blank\" rel=\"noopener noreferrer\">nous consulter ici<\/a><\/p>\n","protected":false},"excerpt":{"rendered":"<p>Le ventilateur pour silos 5.5 Kw convient pour des silos de : jusqu&#8217;\u00e0 4m de hauteur avec un diam\u00e8tre allant de 7.50 \u00e0 9.80 m\u00e8tres 4 \u00e0 6m de hauteur avec un diam\u00e8tre allant de 5.40 \u00e0 7.12 m\u00e8tres 6 \u00e0 8m de hauteur avec un diam\u00e8tre allant de 2.25 \u00e0 5.34 m\u00e8tres 8 \u00e0 [&hellip;]<\/p>\n","protected":false},"featured_media":1819,"template":"","meta":{"_mi_skip_tracking":false,"_exactmetrics_sitenote_active":false,"_exactmetrics_sitenote_note":"","_exactmetrics_sitenote_category":0},"product_cat":[33],"product_tag":[],"acf":[],"yoast_head":"<!-- This site is optimized with the Yoast SEO plugin v21.7 - https:\/\/yoast.com\/wordpress\/plugins\/seo\/ -->\n<title>Ventilateur pour silos de 5.5Kw triphas\u00e9 | Ventilateur \u00e0 grains<\/title>\n<meta name=\"description\" content=\"Ventilateur pour silos,Triphas\u00e9, plusieurs puissances disponibles et \u00e9conomique en \u00e9nergie | 40 ans d&#039;exp\u00e9rience. Hamel : plus de 40 ans d&#039;exp\u00e9rience\" \/>\n<meta name=\"robots\" content=\"index, follow, max-snippet:-1, max-image-preview:large, max-video-preview:-1\" \/>\n<link rel=\"canonical\" href=\"https:\/\/www.hamel-france.com\/boutique\/produit\/ventilateur-pour-silos-5kw\/\" \/>\n<meta property=\"og:locale\" content=\"fr_FR\" \/>\n<meta property=\"og:type\" content=\"article\" \/>\n<meta property=\"og:title\" content=\"Ventilateur pour silos de 5.5Kw triphas\u00e9 | Ventilateur \u00e0 grains\" \/>\n<meta property=\"og:description\" content=\"Ventilateur pour silos,Triphas\u00e9, plusieurs puissances disponibles et \u00e9conomique en \u00e9nergie | 40 ans d&#039;exp\u00e9rience. Hamel : plus de 40 ans d&#039;exp\u00e9rience\" \/>\n<meta property=\"og:url\" content=\"https:\/\/www.hamel-france.com\/boutique\/produit\/ventilateur-pour-silos-5kw\/\" \/>\n<meta property=\"og:site_name\" content=\"Boutique Hamel\" \/>\n<meta property=\"article:modified_time\" content=\"2025-05-12T10:23:09+00:00\" \/>\n<meta property=\"og:image\" content=\"https:\/\/www.hamel-france.com\/boutique\/wp-content\/uploads\/sites\/2\/2018\/04\/ventilateur-pour-silos.jpg\" \/>\n\t<meta property=\"og:image:width\" content=\"700\" \/>\n\t<meta property=\"og:image:height\" content=\"700\" \/>\n\t<meta property=\"og:image:type\" content=\"image\/jpeg\" \/>\n<meta name=\"twitter:card\" content=\"summary_large_image\" \/>\n<meta name=\"twitter:label1\" content=\"Dur\u00e9e de lecture estim\u00e9e\" \/>\n\t<meta name=\"twitter:data1\" content=\"2 minutes\" \/>\n<script type=\"application\/ld+json\" class=\"yoast-schema-graph\">{\"@context\":\"https:\/\/schema.org\",\"@graph\":[{\"@type\":\"WebPage\",\"@id\":\"https:\/\/www.hamel-france.com\/boutique\/produit\/ventilateur-pour-silos-5kw\/\",\"url\":\"https:\/\/www.hamel-france.com\/boutique\/produit\/ventilateur-pour-silos-5kw\/\",\"name\":\"Ventilateur pour silos de 5.5Kw triphas\u00e9 | Ventilateur \u00e0 grains\",\"isPartOf\":{\"@id\":\"https:\/\/www.hamel-france.com\/boutique\/#website\"},\"datePublished\":\"2018-03-13T09:56:50+00:00\",\"dateModified\":\"2025-05-12T10:23:09+00:00\",\"description\":\"Ventilateur pour silos,Triphas\u00e9, plusieurs puissances disponibles et \u00e9conomique en \u00e9nergie | 40 ans d'exp\u00e9rience. Hamel : plus de 40 ans d'exp\u00e9rience\",\"breadcrumb\":{\"@id\":\"https:\/\/www.hamel-france.com\/boutique\/produit\/ventilateur-pour-silos-5kw\/#breadcrumb\"},\"inLanguage\":\"fr-FR\",\"potentialAction\":[{\"@type\":\"ReadAction\",\"target\":[\"https:\/\/www.hamel-france.com\/boutique\/produit\/ventilateur-pour-silos-5kw\/\"]}]},{\"@type\":\"BreadcrumbList\",\"@id\":\"https:\/\/www.hamel-france.com\/boutique\/produit\/ventilateur-pour-silos-5kw\/#breadcrumb\",\"itemListElement\":[{\"@type\":\"ListItem\",\"position\":1,\"name\":\"Accueil\",\"item\":\"https:\/\/www.hamel-france.com\/boutique\/\"},{\"@type\":\"ListItem\",\"position\":2,\"name\":\"Boutique\",\"item\":\"https:\/\/www.hamel-france.com\/boutique\/boutique\/\"},{\"@type\":\"ListItem\",\"position\":3,\"name\":\"Ventilateur 5.5Kw Complet avec coffret \u00e9lectrique c\u00e2bl\u00e9 + fiche + manchette souple Poids : 107Kg\"}]},{\"@type\":\"WebSite\",\"@id\":\"https:\/\/www.hamel-france.com\/boutique\/#website\",\"url\":\"https:\/\/www.hamel-france.com\/boutique\/\",\"name\":\"Boutique Hamel\",\"description\":\"Vente en ligne d&#039;\u00e9quipements&lt;br \/&gt; pour le stockage du grain et le mat\u00e9riel d&#039;\u00e9levage\",\"publisher\":{\"@id\":\"https:\/\/www.hamel-france.com\/boutique\/#organization\"},\"potentialAction\":[{\"@type\":\"SearchAction\",\"target\":{\"@type\":\"EntryPoint\",\"urlTemplate\":\"https:\/\/www.hamel-france.com\/boutique\/?s={search_term_string}\"},\"query-input\":\"required name=search_term_string\"}],\"inLanguage\":\"fr-FR\"},{\"@type\":\"Organization\",\"@id\":\"https:\/\/www.hamel-france.com\/boutique\/#organization\",\"name\":\"Boutique Hamel\",\"url\":\"https:\/\/www.hamel-france.com\/boutique\/\",\"logo\":{\"@type\":\"ImageObject\",\"inLanguage\":\"fr-FR\",\"@id\":\"https:\/\/www.hamel-france.com\/boutique\/#\/schema\/logo\/image\/\",\"url\":\"https:\/\/www.hamel-france.com\/boutique\/wp-content\/uploads\/sites\/2\/2018\/01\/logo-hamel.png\",\"contentUrl\":\"https:\/\/www.hamel-france.com\/boutique\/wp-content\/uploads\/sites\/2\/2018\/01\/logo-hamel.png\",\"width\":470,\"height\":110,\"caption\":\"Boutique Hamel\"},\"image\":{\"@id\":\"https:\/\/www.hamel-france.com\/boutique\/#\/schema\/logo\/image\/\"}}]}<\/script>\n<!-- \/ Yoast SEO plugin. -->","yoast_head_json":{"title":"Ventilateur pour silos de 5.5Kw triphas\u00e9 | Ventilateur \u00e0 grains","description":"Ventilateur pour silos,Triphas\u00e9, plusieurs puissances disponibles et \u00e9conomique en \u00e9nergie | 40 ans d'exp\u00e9rience. Hamel : plus de 40 ans d'exp\u00e9rience","robots":{"index":"index","follow":"follow","max-snippet":"max-snippet:-1","max-image-preview":"max-image-preview:large","max-video-preview":"max-video-preview:-1"},"canonical":"https:\/\/www.hamel-france.com\/boutique\/produit\/ventilateur-pour-silos-5kw\/","og_locale":"fr_FR","og_type":"article","og_title":"Ventilateur pour silos de 5.5Kw triphas\u00e9 | Ventilateur \u00e0 grains","og_description":"Ventilateur pour silos,Triphas\u00e9, plusieurs puissances disponibles et \u00e9conomique en \u00e9nergie | 40 ans d'exp\u00e9rience. Hamel : plus de 40 ans d'exp\u00e9rience","og_url":"https:\/\/www.hamel-france.com\/boutique\/produit\/ventilateur-pour-silos-5kw\/","og_site_name":"Boutique Hamel","article_modified_time":"2025-05-12T10:23:09+00:00","og_image":[{"width":700,"height":700,"url":"https:\/\/www.hamel-france.com\/boutique\/wp-content\/uploads\/sites\/2\/2018\/04\/ventilateur-pour-silos.jpg","type":"image\/jpeg"}],"twitter_card":"summary_large_image","twitter_misc":{"Dur\u00e9e de lecture estim\u00e9e":"2 minutes"},"schema":{"@context":"https:\/\/schema.org","@graph":[{"@type":"WebPage","@id":"https:\/\/www.hamel-france.com\/boutique\/produit\/ventilateur-pour-silos-5kw\/","url":"https:\/\/www.hamel-france.com\/boutique\/produit\/ventilateur-pour-silos-5kw\/","name":"Ventilateur pour silos de 5.5Kw triphas\u00e9 | Ventilateur \u00e0 grains","isPartOf":{"@id":"https:\/\/www.hamel-france.com\/boutique\/#website"},"datePublished":"2018-03-13T09:56:50+00:00","dateModified":"2025-05-12T10:23:09+00:00","description":"Ventilateur pour silos,Triphas\u00e9, plusieurs puissances disponibles et \u00e9conomique en \u00e9nergie | 40 ans d'exp\u00e9rience. Hamel : plus de 40 ans d'exp\u00e9rience","breadcrumb":{"@id":"https:\/\/www.hamel-france.com\/boutique\/produit\/ventilateur-pour-silos-5kw\/#breadcrumb"},"inLanguage":"fr-FR","potentialAction":[{"@type":"ReadAction","target":["https:\/\/www.hamel-france.com\/boutique\/produit\/ventilateur-pour-silos-5kw\/"]}]},{"@type":"BreadcrumbList","@id":"https:\/\/www.hamel-france.com\/boutique\/produit\/ventilateur-pour-silos-5kw\/#breadcrumb","itemListElement":[{"@type":"ListItem","position":1,"name":"Accueil","item":"https:\/\/www.hamel-france.com\/boutique\/"},{"@type":"ListItem","position":2,"name":"Boutique","item":"https:\/\/www.hamel-france.com\/boutique\/boutique\/"},{"@type":"ListItem","position":3,"name":"Ventilateur 5.5Kw Complet avec coffret \u00e9lectrique c\u00e2bl\u00e9 + fiche + manchette souple Poids : 107Kg"}]},{"@type":"WebSite","@id":"https:\/\/www.hamel-france.com\/boutique\/#website","url":"https:\/\/www.hamel-france.com\/boutique\/","name":"Boutique Hamel","description":"Vente en ligne d&#039;\u00e9quipements&lt;br \/&gt; pour le stockage du grain et le mat\u00e9riel d&#039;\u00e9levage","publisher":{"@id":"https:\/\/www.hamel-france.com\/boutique\/#organization"},"potentialAction":[{"@type":"SearchAction","target":{"@type":"EntryPoint","urlTemplate":"https:\/\/www.hamel-france.com\/boutique\/?s={search_term_string}"},"query-input":"required name=search_term_string"}],"inLanguage":"fr-FR"},{"@type":"Organization","@id":"https:\/\/www.hamel-france.com\/boutique\/#organization","name":"Boutique Hamel","url":"https:\/\/www.hamel-france.com\/boutique\/","logo":{"@type":"ImageObject","inLanguage":"fr-FR","@id":"https:\/\/www.hamel-france.com\/boutique\/#\/schema\/logo\/image\/","url":"https:\/\/www.hamel-france.com\/boutique\/wp-content\/uploads\/sites\/2\/2018\/01\/logo-hamel.png","contentUrl":"https:\/\/www.hamel-france.com\/boutique\/wp-content\/uploads\/sites\/2\/2018\/01\/logo-hamel.png","width":470,"height":110,"caption":"Boutique Hamel"},"image":{"@id":"https:\/\/www.hamel-france.com\/boutique\/#\/schema\/logo\/image\/"}}]}},"_links":{"self":[{"href":"https:\/\/www.hamel-france.com\/boutique\/wp-json\/wp\/v2\/product\/786"}],"collection":[{"href":"https:\/\/www.hamel-france.com\/boutique\/wp-json\/wp\/v2\/product"}],"about":[{"href":"https:\/\/www.hamel-france.com\/boutique\/wp-json\/wp\/v2\/types\/product"}],"wp:featuredmedia":[{"embeddable":true,"href":"https:\/\/www.hamel-france.com\/boutique\/wp-json\/wp\/v2\/media\/1819"}],"wp:attachment":[{"href":"https:\/\/www.hamel-france.com\/boutique\/wp-json\/wp\/v2\/media?parent=786"}],"wp:term":[{"taxonomy":"product_cat","embeddable":true,"href":"https:\/\/www.hamel-france.com\/boutique\/wp-json\/wp\/v2\/product_cat?post=786"},{"taxonomy":"product_tag","embeddable":true,"href":"https:\/\/www.hamel-france.com\/boutique\/wp-json\/wp\/v2\/product_tag?post=786"}],"curies":[{"name":"wp","href":"https:\/\/api.w.org\/{rel}","templated":true}]}}