{"id":36529,"date":"2025-11-19T09:38:18","date_gmt":"2025-11-19T08:38:18","guid":{"rendered":"https:\/\/www.hamel-france.com\/boutique\/?post_type=product&#038;p=36529"},"modified":"2025-11-24T11:22:18","modified_gmt":"2025-11-24T10:22:18","slug":"cellule-a-grain-interieure-o4-75m","status":"publish","type":"product","link":"https:\/\/www.hamel-france.com\/boutique\/produit\/cellule-a-grain-interieure-o4-75m\/","title":{"rendered":"Cellule \u00e0 grain int\u00e9rieure \u00d84.75m (36 \u00e0 127 tonnes)"},"content":{"rendered":"<p><span class=\"ng-star-inserted\">Optimisez le stockage de vos r\u00e9coltes gr\u00e2ce \u00e0 notre\u00a0<\/span><strong class=\"ng-star-inserted\"><span class=\"ng-star-inserted\">cellule \u00e0 grain int\u00e9rieure de diam\u00e8tre 4.75m<\/span><\/strong><span class=\"ng-star-inserted\">. Con\u00e7ue sp\u00e9cifiquement pour une installation sous b\u00e2timent ou hangar agricole, cette cellule en t\u00f4le galvanis\u00e9e offre une solution \u00e9conomique et robuste pour la conservation de vos c\u00e9r\u00e9ales (bl\u00e9, orge, ma\u00efs, avoine, etc.).<\/span><\/p>\n<p class=\"ng-star-inserted\"><span class=\"ng-star-inserted\">Votre cellule \u00e0 grains est livr\u00e9e pr\u00eate \u00e0 monter, comprenant :<\/span><\/p>\n<ul>\n<li class=\"ng-star-inserted\"><strong class=\"ng-star-inserted\"><span class=\"ng-star-inserted\">Structure :<\/span><\/strong><span class=\"ng-star-inserted\"> T\u00f4les galvanis\u00e9es et montants de renfort.<\/span><\/li>\n<li class=\"ng-star-inserted\"><strong class=\"ng-star-inserted\"><span class=\"ng-star-inserted\">Manutention :<\/span><\/strong><span class=\"ng-star-inserted\"> Tube de reprise pour vis \u00e0 grain \u00d8250mm.<\/span><\/li>\n<li class=\"ng-star-inserted\"><strong class=\"ng-star-inserted\"><span class=\"ng-star-inserted\">Acc\u00e8s :<\/span><\/strong><span class=\"ng-star-inserted\"> Trappe de visite s\u00e9curis\u00e9e.<\/span><\/li>\n<li class=\"ng-star-inserted\"><strong class=\"ng-star-inserted\"><span class=\"ng-star-inserted\">Montage :<\/span><\/strong><span class=\"ng-star-inserted\">\u00a0Boulonnerie compl\u00e8te et notice d&#8217;assemblage d\u00e9taill\u00e9e.<\/span><\/li>\n<\/ul>\n<p>Optimisez votre installation (Options disponibles) :<\/p>\n<ul>\n<li><strong>Ventilation<\/strong> : Au choix par ventic\u00f4ne, ventigaines, ventilames ou plancher perfor\u00e9.<\/li>\n<li><strong class=\"ng-star-inserted\"><span class=\"ng-star-inserted\">Connexion soufflerie\u00a0<\/span><\/strong> : Entr\u00e9e d&#8217;air pour ventilateur.<\/li>\n<li><strong>S\u00e9curit\u00e9 des r\u00e9coltes<\/strong> : Sonde de temp\u00e9rature pour le monitoring du grain.<\/li>\n<\/ul>\n<h2>Capacit\u00e9s et Hauteurs Disponibles (\u00d84.75m)<\/h2>\n<p class=\"ng-star-inserted\"><span class=\"ng-star-inserted\">Nos cellules s&#8217;adaptent \u00e0 la hauteur de votre b\u00e2timent et \u00e0 vos besoins de tonnage. Les capacit\u00e9s ci-dessous sont calcul\u00e9es sur la base d&#8217;un\u00a0<\/span><strong class=\"ng-star-inserted\"><span class=\"ng-star-inserted\">Poids Sp\u00e9cifique (PS) de 0.75 (Bl\u00e9 sec)<\/span><\/strong><span class=\"ng-star-inserted\">\u00a0:<\/span><\/p>\n<ul>\n<li class=\"ng-star-inserted\"><strong class=\"ng-star-inserted\"><span class=\"ng-star-inserted\">Capacit\u00e9 36.7 tonnes<\/span><\/strong><span class=\"ng-star-inserted\"> | Hauteur totale : 2.36m<\/span><\/li>\n<li class=\"ng-star-inserted\"><strong class=\"ng-star-inserted\"><span class=\"ng-star-inserted\">Capacit\u00e9 66.9 tonnes<\/span><\/strong><span class=\"ng-star-inserted\"> | Hauteur totale : 4.65m<\/span><\/li>\n<li class=\"ng-star-inserted\"><strong class=\"ng-star-inserted\"><span class=\"ng-star-inserted\">Capacit\u00e9 97.2 tonnes<\/span><\/strong><span class=\"ng-star-inserted\"> | Hauteur totale : 6.93m<\/span><\/li>\n<li class=\"ng-star-inserted\"><strong class=\"ng-star-inserted\"><span class=\"ng-star-inserted\">Capacit\u00e9 112.3 tonnes<\/span><\/strong><span class=\"ng-star-inserted\"> | Hauteur totale : 8.08m<\/span><\/li>\n<li class=\"ng-star-inserted\"><strong class=\"ng-star-inserted\"><span class=\"ng-star-inserted\">Capacit\u00e9 127.4 tonnes<\/span><\/strong><span class=\"ng-star-inserted\">\u00a0| Hauteur totale : 9.22m<\/span><\/li>\n<\/ul>\n<p>Mat\u00e9riel professionnel n\u00e9cessitant un <b>montage par des sp\u00e9cialistes qualifi\u00e9s<\/b>.<\/p>\n<p>Mat\u00e9riel livr\u00e9 en kit, non assembl\u00e9, non mont\u00e9 livr\u00e9 avec notice.<\/p>\n<p>Livraison en france continentale uniquement.<\/p>\n<p>Besoin de plus de capacit\u00e9 ? voir le mod\u00e8le sup\u00e9rieur :<a href=\"https:\/\/www.hamel-france.com\/boutique\/produit\/cellule-a-grain-interieure-o5-34m\/\"> Cellule \u00e0 grain int\u00e9rieure \u00d85.34m (47 \u00e0 162 tonnes)<\/a>.<\/p>\n<p><em>Photos et sch\u00e9mas non contractuels<\/em><\/p>\n","protected":false},"excerpt":{"rendered":"<p><strong>S<span class=\"ng-star-inserted\">ilo \u00e0 grain int\u00e9rieur<\/span><\/strong><span class=\"ng-star-inserted\">\u00a0de\u00a0<strong class=\"ng-star-inserted\">36 tonnes<\/strong> (36.7t) jusqu\u2019\u00e0 <strong class=\"ng-star-inserted\">127 tonnes <\/strong>(124.4t) selon la hauteur. Ce mod\u00e8le en t\u00f4le galvanis\u00e9e de diam\u00e8tre 4.75m est con\u00e7u pour le stockage sous b\u00e2timent. Id\u00e9al pour le bl\u00e9, l\u2019orge ou le ma\u00efs. De conception ouverte (sans toit), il est livr\u00e9 avec porte de visite et tube de reprise.<\/span><\/p>\n<h2><span class=\"ng-star-inserted\">D\u00e9tail des capacit\u00e9s et hauteurs :<\/span><\/h2>\n<p>Capacit\u00e9 : 36,7t | Hauteur totale : 2.36m<br \/>\nCapacit\u00e9 : 66,9t | Hauteur totale : 4.65m<br \/>\nCapacit\u00e9 : 97,2t | Hauteur totale : 6.93m<br \/>\nCapacit\u00e9 : 112,3t | Hauteur totale : 8.08m<br \/>\nCapacit\u00e9 : 127,4t | Hauteur totale : 9.22m<br \/>\n<em>donn\u00e9es pour un PS 0.75 ( bl\u00e9 sec)<\/em><\/p>\n<p>Capacit\u00e9s et hauteurs interm\u00e9diaires sur demande :<strong> <a href=\"https:\/\/www.hamel-france.com\/boutique\/contact\/\">ici\u00a0<\/a><\/strong><\/p>\n","protected":false},"featured_media":36468,"template":"","meta":{"_mi_skip_tracking":false,"_exactmetrics_sitenote_active":false,"_exactmetrics_sitenote_note":"","_exactmetrics_sitenote_category":0},"product_cat":[76,68],"product_tag":[],"acf":[],"yoast_head":"<!-- This site is optimized with the Yoast SEO plugin v21.7 - https:\/\/yoast.com\/wordpress\/plugins\/seo\/ -->\n<title>Cellule de stockage agricole galva \u00d84.75m (36 \u00e0 127 tonnes)<\/title>\n<meta name=\"description\" content=\"\ud83c\udf3e Cellules stockage grain \u00d84.75m (36,7tonnes jusqu&#039;\u00e0 127,4tonnes) galvanis\u00e9es usage int\u00e9rieur sous b\u00e2timent. Prix Pro \u00e0 partir de 1118,00\u20ac HT. Mat. Secteur agricole.\" \/>\n<meta name=\"robots\" content=\"index, follow, max-snippet:-1, max-image-preview:large, max-video-preview:-1\" \/>\n<link rel=\"canonical\" href=\"https:\/\/www.hamel-france.com\/boutique\/produit\/cellule-a-grain-interieure-o4-75m\/\" \/>\n<meta property=\"og:locale\" content=\"fr_FR\" \/>\n<meta property=\"og:type\" content=\"article\" \/>\n<meta property=\"og:title\" content=\"Cellule de stockage agricole galva \u00d84.75m (36 \u00e0 127 tonnes)\" \/>\n<meta property=\"og:description\" content=\"\ud83c\udf3e Cellules stockage grain \u00d84.75m (36,7tonnes jusqu&#039;\u00e0 127,4tonnes) galvanis\u00e9es usage int\u00e9rieur sous b\u00e2timent. Prix Pro \u00e0 partir de 1118,00\u20ac HT. Mat. Secteur agricole.\" \/>\n<meta property=\"og:url\" content=\"https:\/\/www.hamel-france.com\/boutique\/produit\/cellule-a-grain-interieure-o4-75m\/\" \/>\n<meta property=\"og:site_name\" content=\"Boutique Hamel\" \/>\n<meta property=\"article:modified_time\" content=\"2025-11-24T10:22:18+00:00\" \/>\n<meta property=\"og:image\" content=\"https:\/\/www.hamel-france.com\/boutique\/wp-content\/uploads\/sites\/2\/2025\/11\/cellule-et-silo-a-grain-et-cereales-interieure.jpg\" \/>\n\t<meta property=\"og:image:width\" content=\"969\" \/>\n\t<meta property=\"og:image:height\" content=\"969\" \/>\n\t<meta property=\"og:image:type\" content=\"image\/jpeg\" \/>\n<meta name=\"twitter:card\" content=\"summary_large_image\" \/>\n<meta name=\"twitter:label1\" content=\"Dur\u00e9e de lecture estim\u00e9e\" \/>\n\t<meta name=\"twitter:data1\" content=\"2 minutes\" \/>\n<script type=\"application\/ld+json\" class=\"yoast-schema-graph\">{\"@context\":\"https:\/\/schema.org\",\"@graph\":[{\"@type\":\"WebPage\",\"@id\":\"https:\/\/www.hamel-france.com\/boutique\/produit\/cellule-a-grain-interieure-o4-75m\/\",\"url\":\"https:\/\/www.hamel-france.com\/boutique\/produit\/cellule-a-grain-interieure-o4-75m\/\",\"name\":\"Cellule de stockage agricole galva \u00d84.75m (36 \u00e0 127 tonnes)\",\"isPartOf\":{\"@id\":\"https:\/\/www.hamel-france.com\/boutique\/#website\"},\"datePublished\":\"2025-11-19T08:38:18+00:00\",\"dateModified\":\"2025-11-24T10:22:18+00:00\",\"description\":\"\ud83c\udf3e Cellules stockage grain \u00d84.75m (36,7tonnes jusqu'\u00e0 127,4tonnes) galvanis\u00e9es usage int\u00e9rieur sous b\u00e2timent. Prix Pro \u00e0 partir de 1118,00\u20ac HT. Mat. Secteur agricole.\",\"breadcrumb\":{\"@id\":\"https:\/\/www.hamel-france.com\/boutique\/produit\/cellule-a-grain-interieure-o4-75m\/#breadcrumb\"},\"inLanguage\":\"fr-FR\",\"potentialAction\":[{\"@type\":\"ReadAction\",\"target\":[\"https:\/\/www.hamel-france.com\/boutique\/produit\/cellule-a-grain-interieure-o4-75m\/\"]}]},{\"@type\":\"BreadcrumbList\",\"@id\":\"https:\/\/www.hamel-france.com\/boutique\/produit\/cellule-a-grain-interieure-o4-75m\/#breadcrumb\",\"itemListElement\":[{\"@type\":\"ListItem\",\"position\":1,\"name\":\"Accueil\",\"item\":\"https:\/\/www.hamel-france.com\/boutique\/\"},{\"@type\":\"ListItem\",\"position\":2,\"name\":\"Boutique\",\"item\":\"https:\/\/www.hamel-france.com\/boutique\/boutique\/\"},{\"@type\":\"ListItem\",\"position\":3,\"name\":\"Cellule \u00e0 grain int\u00e9rieure \u00d84.75m (36 \u00e0 127 tonnes)\"}]},{\"@type\":\"WebSite\",\"@id\":\"https:\/\/www.hamel-france.com\/boutique\/#website\",\"url\":\"https:\/\/www.hamel-france.com\/boutique\/\",\"name\":\"Boutique Hamel\",\"description\":\"Vente en ligne d&#039;\u00e9quipements&lt;br \/&gt; pour le stockage du grain et le mat\u00e9riel d&#039;\u00e9levage\",\"publisher\":{\"@id\":\"https:\/\/www.hamel-france.com\/boutique\/#organization\"},\"potentialAction\":[{\"@type\":\"SearchAction\",\"target\":{\"@type\":\"EntryPoint\",\"urlTemplate\":\"https:\/\/www.hamel-france.com\/boutique\/?s={search_term_string}\"},\"query-input\":\"required name=search_term_string\"}],\"inLanguage\":\"fr-FR\"},{\"@type\":\"Organization\",\"@id\":\"https:\/\/www.hamel-france.com\/boutique\/#organization\",\"name\":\"Boutique Hamel\",\"url\":\"https:\/\/www.hamel-france.com\/boutique\/\",\"logo\":{\"@type\":\"ImageObject\",\"inLanguage\":\"fr-FR\",\"@id\":\"https:\/\/www.hamel-france.com\/boutique\/#\/schema\/logo\/image\/\",\"url\":\"https:\/\/www.hamel-france.com\/boutique\/wp-content\/uploads\/sites\/2\/2018\/01\/logo-hamel.png\",\"contentUrl\":\"https:\/\/www.hamel-france.com\/boutique\/wp-content\/uploads\/sites\/2\/2018\/01\/logo-hamel.png\",\"width\":470,\"height\":110,\"caption\":\"Boutique Hamel\"},\"image\":{\"@id\":\"https:\/\/www.hamel-france.com\/boutique\/#\/schema\/logo\/image\/\"}}]}<\/script>\n<!-- \/ Yoast SEO plugin. -->","yoast_head_json":{"title":"Cellule de stockage agricole galva \u00d84.75m (36 \u00e0 127 tonnes)","description":"\ud83c\udf3e Cellules stockage grain \u00d84.75m (36,7tonnes jusqu'\u00e0 127,4tonnes) galvanis\u00e9es usage int\u00e9rieur sous b\u00e2timent. Prix Pro \u00e0 partir de 1118,00\u20ac HT. Mat. Secteur agricole.","robots":{"index":"index","follow":"follow","max-snippet":"max-snippet:-1","max-image-preview":"max-image-preview:large","max-video-preview":"max-video-preview:-1"},"canonical":"https:\/\/www.hamel-france.com\/boutique\/produit\/cellule-a-grain-interieure-o4-75m\/","og_locale":"fr_FR","og_type":"article","og_title":"Cellule de stockage agricole galva \u00d84.75m (36 \u00e0 127 tonnes)","og_description":"\ud83c\udf3e Cellules stockage grain \u00d84.75m (36,7tonnes jusqu'\u00e0 127,4tonnes) galvanis\u00e9es usage int\u00e9rieur sous b\u00e2timent. Prix Pro \u00e0 partir de 1118,00\u20ac HT. Mat. Secteur agricole.","og_url":"https:\/\/www.hamel-france.com\/boutique\/produit\/cellule-a-grain-interieure-o4-75m\/","og_site_name":"Boutique Hamel","article_modified_time":"2025-11-24T10:22:18+00:00","og_image":[{"width":969,"height":969,"url":"https:\/\/www.hamel-france.com\/boutique\/wp-content\/uploads\/sites\/2\/2025\/11\/cellule-et-silo-a-grain-et-cereales-interieure.jpg","type":"image\/jpeg"}],"twitter_card":"summary_large_image","twitter_misc":{"Dur\u00e9e de lecture estim\u00e9e":"2 minutes"},"schema":{"@context":"https:\/\/schema.org","@graph":[{"@type":"WebPage","@id":"https:\/\/www.hamel-france.com\/boutique\/produit\/cellule-a-grain-interieure-o4-75m\/","url":"https:\/\/www.hamel-france.com\/boutique\/produit\/cellule-a-grain-interieure-o4-75m\/","name":"Cellule de stockage agricole galva \u00d84.75m (36 \u00e0 127 tonnes)","isPartOf":{"@id":"https:\/\/www.hamel-france.com\/boutique\/#website"},"datePublished":"2025-11-19T08:38:18+00:00","dateModified":"2025-11-24T10:22:18+00:00","description":"\ud83c\udf3e Cellules stockage grain \u00d84.75m (36,7tonnes jusqu'\u00e0 127,4tonnes) galvanis\u00e9es usage int\u00e9rieur sous b\u00e2timent. Prix Pro \u00e0 partir de 1118,00\u20ac HT. Mat. Secteur agricole.","breadcrumb":{"@id":"https:\/\/www.hamel-france.com\/boutique\/produit\/cellule-a-grain-interieure-o4-75m\/#breadcrumb"},"inLanguage":"fr-FR","potentialAction":[{"@type":"ReadAction","target":["https:\/\/www.hamel-france.com\/boutique\/produit\/cellule-a-grain-interieure-o4-75m\/"]}]},{"@type":"BreadcrumbList","@id":"https:\/\/www.hamel-france.com\/boutique\/produit\/cellule-a-grain-interieure-o4-75m\/#breadcrumb","itemListElement":[{"@type":"ListItem","position":1,"name":"Accueil","item":"https:\/\/www.hamel-france.com\/boutique\/"},{"@type":"ListItem","position":2,"name":"Boutique","item":"https:\/\/www.hamel-france.com\/boutique\/boutique\/"},{"@type":"ListItem","position":3,"name":"Cellule \u00e0 grain int\u00e9rieure \u00d84.75m (36 \u00e0 127 tonnes)"}]},{"@type":"WebSite","@id":"https:\/\/www.hamel-france.com\/boutique\/#website","url":"https:\/\/www.hamel-france.com\/boutique\/","name":"Boutique Hamel","description":"Vente en ligne d&#039;\u00e9quipements&lt;br \/&gt; pour le stockage du grain et le mat\u00e9riel d&#039;\u00e9levage","publisher":{"@id":"https:\/\/www.hamel-france.com\/boutique\/#organization"},"potentialAction":[{"@type":"SearchAction","target":{"@type":"EntryPoint","urlTemplate":"https:\/\/www.hamel-france.com\/boutique\/?s={search_term_string}"},"query-input":"required name=search_term_string"}],"inLanguage":"fr-FR"},{"@type":"Organization","@id":"https:\/\/www.hamel-france.com\/boutique\/#organization","name":"Boutique Hamel","url":"https:\/\/www.hamel-france.com\/boutique\/","logo":{"@type":"ImageObject","inLanguage":"fr-FR","@id":"https:\/\/www.hamel-france.com\/boutique\/#\/schema\/logo\/image\/","url":"https:\/\/www.hamel-france.com\/boutique\/wp-content\/uploads\/sites\/2\/2018\/01\/logo-hamel.png","contentUrl":"https:\/\/www.hamel-france.com\/boutique\/wp-content\/uploads\/sites\/2\/2018\/01\/logo-hamel.png","width":470,"height":110,"caption":"Boutique Hamel"},"image":{"@id":"https:\/\/www.hamel-france.com\/boutique\/#\/schema\/logo\/image\/"}}]}},"_links":{"self":[{"href":"https:\/\/www.hamel-france.com\/boutique\/wp-json\/wp\/v2\/product\/36529"}],"collection":[{"href":"https:\/\/www.hamel-france.com\/boutique\/wp-json\/wp\/v2\/product"}],"about":[{"href":"https:\/\/www.hamel-france.com\/boutique\/wp-json\/wp\/v2\/types\/product"}],"wp:featuredmedia":[{"embeddable":true,"href":"https:\/\/www.hamel-france.com\/boutique\/wp-json\/wp\/v2\/media\/36468"}],"wp:attachment":[{"href":"https:\/\/www.hamel-france.com\/boutique\/wp-json\/wp\/v2\/media?parent=36529"}],"wp:term":[{"taxonomy":"product_cat","embeddable":true,"href":"https:\/\/www.hamel-france.com\/boutique\/wp-json\/wp\/v2\/product_cat?post=36529"},{"taxonomy":"product_tag","embeddable":true,"href":"https:\/\/www.hamel-france.com\/boutique\/wp-json\/wp\/v2\/product_tag?post=36529"}],"curies":[{"name":"wp","href":"https:\/\/api.w.org\/{rel}","templated":true}]}}