{"id":31277,"date":"2023-05-26T10:12:47","date_gmt":"2023-05-26T08:12:47","guid":{"rendered":"https:\/\/www.hamel-france.com\/boutique\/?post_type=product&#038;p=31277"},"modified":"2026-04-08T15:34:45","modified_gmt":"2026-04-08T13:34:45","slug":"ventilateur-55kw-stockage-a-plat","status":"publish","type":"product","link":"https:\/\/www.hamel-france.com\/boutique\/produit\/ventilateur-55kw-stockage-a-plat\/","title":{"rendered":"Ventilateur 5,5Kw pour cellule de stockage et stockage \u00e0 plat"},"content":{"rendered":"<p>Compatibilit\u00e9 du ventilateur 5.5 kW selon le type de cellule \u00e0 grain (voir tableau) :<\/p>\n<p><a href=\"https:\/\/www.hamel-france.com\/boutique\/wp-content\/uploads\/sites\/2\/2026\/04\/tableau-ventilateur-silo-a-grain.jpg\"><img loading=\"lazy\" decoding=\"async\" class=\"aligncenter wp-image-36884 size-full\" src=\"https:\/\/www.hamel-france.com\/boutique\/wp-content\/uploads\/sites\/2\/2026\/04\/tableau-ventilateur-silo-a-grain.jpg\" alt=\"\" width=\"859\" height=\"277\" srcset=\"https:\/\/www.hamel-france.com\/boutique\/wp-content\/uploads\/sites\/2\/2026\/04\/tableau-ventilateur-silo-a-grain.jpg 859w, https:\/\/www.hamel-france.com\/boutique\/wp-content\/uploads\/sites\/2\/2026\/04\/tableau-ventilateur-silo-a-grain-300x97.jpg 300w, https:\/\/www.hamel-france.com\/boutique\/wp-content\/uploads\/sites\/2\/2026\/04\/tableau-ventilateur-silo-a-grain-768x248.jpg 768w, https:\/\/www.hamel-france.com\/boutique\/wp-content\/uploads\/sites\/2\/2026\/04\/tableau-ventilateur-silo-a-grain-24x8.jpg 24w, https:\/\/www.hamel-france.com\/boutique\/wp-content\/uploads\/sites\/2\/2026\/04\/tableau-ventilateur-silo-a-grain-36x12.jpg 36w, https:\/\/www.hamel-france.com\/boutique\/wp-content\/uploads\/sites\/2\/2026\/04\/tableau-ventilateur-silo-a-grain-48x15.jpg 48w, https:\/\/www.hamel-france.com\/boutique\/wp-content\/uploads\/sites\/2\/2026\/04\/tableau-ventilateur-silo-a-grain-416x134.jpg 416w\" sizes=\"(max-width: 859px) 100vw, 859px\" \/><\/a><\/p>\n<p><strong>Le ventilateur 5,5Kw est livr\u00e9 avec\u00a0 :<\/strong><\/p>\n<ul>\n<li>Buse de sortie \u00d8400mm<\/li>\n<li>Poign\u00e9e de transport<\/li>\n<li>Chassis mont\u00e9 sur roues<\/li>\n<\/ul>\n<p>De conception robuste ce ventilateur est facilement d\u00e9pla\u00e7able gr\u00e2ce \u00e0 ses grandes roues et sa poign\u00e9e de transport.<\/p>\n<p>Avec un poids de <strong>89 kg,<\/strong> le ventilateur vous garantit <strong>robustesse et solidit\u00e9<\/strong>.<\/p>\n<p><span style=\"color: #0d4f45\"><strong>Livraison franco de port en France m\u00e9tropolitaine.<\/strong>\u00a0<\/span><\/p>\n<p>Livr\u00e9 sans coffret \u00e9lectrique, ni raccord souple de raccordement.<\/p>\n<p>&nbsp;<\/p>\n<p>&nbsp;<\/p>\n<p>D&#8217;autres mod\u00e8les sont disponbibles : <a href=\"https:\/\/www.hamel-france.com\/boutique\/contact\/\" target=\"_blank\" rel=\"noopener noreferrer\">nous consulter ici<\/a><\/p>\n","protected":false},"excerpt":{"rendered":"<p>Pr\u00e9servez la valeur de votre r\u00e9colte avec notre ventilateur 5.5kw. En refroidissant vos grains de mani\u00e8re constante il \u00e9limine les risques de chauffe et stoppe le d\u00e9veloppement des insectes, vous \u00e9vitant ainsi tout d\u00e9classement de marchandise.<\/p>\n","protected":false},"featured_media":31256,"template":"","meta":{"_mi_skip_tracking":false,"_exactmetrics_sitenote_active":false,"_exactmetrics_sitenote_note":"","_exactmetrics_sitenote_category":0},"product_cat":[66],"product_tag":[],"acf":[],"yoast_head":"<!-- This site is optimized with the Yoast SEO plugin v21.7 - https:\/\/yoast.com\/wordpress\/plugins\/seo\/ -->\n<title>Ventilateur 5,5Kw pour la ventilations des cellules et silos de stockage<\/title>\n<meta name=\"description\" content=\"Ventilateur 5,5Kw pour silos de stockage. Id\u00e9al pour ventiler les silos jusqu&#039;\u00e0 11 m\u00e8tres de diam\u00e8tre, livraison franco de port\" \/>\n<meta name=\"robots\" content=\"index, follow, max-snippet:-1, max-image-preview:large, max-video-preview:-1\" \/>\n<link rel=\"canonical\" href=\"https:\/\/www.hamel-france.com\/boutique\/produit\/ventilateur-55kw-stockage-a-plat\/\" \/>\n<meta property=\"og:locale\" content=\"fr_FR\" \/>\n<meta property=\"og:type\" content=\"article\" \/>\n<meta property=\"og:title\" content=\"Ventilateur 5,5Kw pour la ventilations des cellules et silos de stockage\" \/>\n<meta property=\"og:description\" content=\"Ventilateur 5,5Kw pour silos de stockage. Id\u00e9al pour ventiler les silos jusqu&#039;\u00e0 11 m\u00e8tres de diam\u00e8tre, livraison franco de port\" \/>\n<meta property=\"og:url\" content=\"https:\/\/www.hamel-france.com\/boutique\/produit\/ventilateur-55kw-stockage-a-plat\/\" \/>\n<meta property=\"og:site_name\" content=\"Boutique Hamel\" \/>\n<meta property=\"article:modified_time\" content=\"2026-04-08T13:34:45+00:00\" \/>\n<meta property=\"og:image\" content=\"https:\/\/www.hamel-france.com\/boutique\/wp-content\/uploads\/sites\/2\/2023\/05\/ventilateur-extraction-silair-3-kw-triphase-230-400.jpg\" \/>\n\t<meta property=\"og:image:width\" content=\"1000\" \/>\n\t<meta property=\"og:image:height\" content=\"1000\" \/>\n\t<meta property=\"og:image:type\" content=\"image\/jpeg\" \/>\n<meta name=\"twitter:card\" content=\"summary_large_image\" \/>\n<meta name=\"twitter:label1\" content=\"Dur\u00e9e de lecture estim\u00e9e\" \/>\n\t<meta name=\"twitter:data1\" content=\"1 minute\" \/>\n<script type=\"application\/ld+json\" class=\"yoast-schema-graph\">{\"@context\":\"https:\/\/schema.org\",\"@graph\":[{\"@type\":\"WebPage\",\"@id\":\"https:\/\/www.hamel-france.com\/boutique\/produit\/ventilateur-55kw-stockage-a-plat\/\",\"url\":\"https:\/\/www.hamel-france.com\/boutique\/produit\/ventilateur-55kw-stockage-a-plat\/\",\"name\":\"Ventilateur 5,5Kw pour la ventilations des cellules et silos de stockage\",\"isPartOf\":{\"@id\":\"https:\/\/www.hamel-france.com\/boutique\/#website\"},\"datePublished\":\"2023-05-26T08:12:47+00:00\",\"dateModified\":\"2026-04-08T13:34:45+00:00\",\"description\":\"Ventilateur 5,5Kw pour silos de stockage. Id\u00e9al pour ventiler les silos jusqu'\u00e0 11 m\u00e8tres de diam\u00e8tre, livraison franco de port\",\"breadcrumb\":{\"@id\":\"https:\/\/www.hamel-france.com\/boutique\/produit\/ventilateur-55kw-stockage-a-plat\/#breadcrumb\"},\"inLanguage\":\"fr-FR\",\"potentialAction\":[{\"@type\":\"ReadAction\",\"target\":[\"https:\/\/www.hamel-france.com\/boutique\/produit\/ventilateur-55kw-stockage-a-plat\/\"]}]},{\"@type\":\"BreadcrumbList\",\"@id\":\"https:\/\/www.hamel-france.com\/boutique\/produit\/ventilateur-55kw-stockage-a-plat\/#breadcrumb\",\"itemListElement\":[{\"@type\":\"ListItem\",\"position\":1,\"name\":\"Accueil\",\"item\":\"https:\/\/www.hamel-france.com\/boutique\/\"},{\"@type\":\"ListItem\",\"position\":2,\"name\":\"Boutique\",\"item\":\"https:\/\/www.hamel-france.com\/boutique\/boutique\/\"},{\"@type\":\"ListItem\",\"position\":3,\"name\":\"Ventilateur 5,5Kw pour cellule de stockage et stockage \u00e0 plat\"}]},{\"@type\":\"WebSite\",\"@id\":\"https:\/\/www.hamel-france.com\/boutique\/#website\",\"url\":\"https:\/\/www.hamel-france.com\/boutique\/\",\"name\":\"Boutique Hamel\",\"description\":\"Vente en ligne d&#039;\u00e9quipements&lt;br \/&gt; pour le stockage du grain et le mat\u00e9riel d&#039;\u00e9levage\",\"publisher\":{\"@id\":\"https:\/\/www.hamel-france.com\/boutique\/#organization\"},\"potentialAction\":[{\"@type\":\"SearchAction\",\"target\":{\"@type\":\"EntryPoint\",\"urlTemplate\":\"https:\/\/www.hamel-france.com\/boutique\/?s={search_term_string}\"},\"query-input\":\"required name=search_term_string\"}],\"inLanguage\":\"fr-FR\"},{\"@type\":\"Organization\",\"@id\":\"https:\/\/www.hamel-france.com\/boutique\/#organization\",\"name\":\"Boutique Hamel\",\"url\":\"https:\/\/www.hamel-france.com\/boutique\/\",\"logo\":{\"@type\":\"ImageObject\",\"inLanguage\":\"fr-FR\",\"@id\":\"https:\/\/www.hamel-france.com\/boutique\/#\/schema\/logo\/image\/\",\"url\":\"https:\/\/www.hamel-france.com\/boutique\/wp-content\/uploads\/sites\/2\/2018\/01\/logo-hamel.png\",\"contentUrl\":\"https:\/\/www.hamel-france.com\/boutique\/wp-content\/uploads\/sites\/2\/2018\/01\/logo-hamel.png\",\"width\":470,\"height\":110,\"caption\":\"Boutique Hamel\"},\"image\":{\"@id\":\"https:\/\/www.hamel-france.com\/boutique\/#\/schema\/logo\/image\/\"}}]}<\/script>\n<!-- \/ Yoast SEO plugin. -->","yoast_head_json":{"title":"Ventilateur 5,5Kw pour la ventilations des cellules et silos de stockage","description":"Ventilateur 5,5Kw pour silos de stockage. Id\u00e9al pour ventiler les silos jusqu'\u00e0 11 m\u00e8tres de diam\u00e8tre, livraison franco de port","robots":{"index":"index","follow":"follow","max-snippet":"max-snippet:-1","max-image-preview":"max-image-preview:large","max-video-preview":"max-video-preview:-1"},"canonical":"https:\/\/www.hamel-france.com\/boutique\/produit\/ventilateur-55kw-stockage-a-plat\/","og_locale":"fr_FR","og_type":"article","og_title":"Ventilateur 5,5Kw pour la ventilations des cellules et silos de stockage","og_description":"Ventilateur 5,5Kw pour silos de stockage. Id\u00e9al pour ventiler les silos jusqu'\u00e0 11 m\u00e8tres de diam\u00e8tre, livraison franco de port","og_url":"https:\/\/www.hamel-france.com\/boutique\/produit\/ventilateur-55kw-stockage-a-plat\/","og_site_name":"Boutique Hamel","article_modified_time":"2026-04-08T13:34:45+00:00","og_image":[{"width":1000,"height":1000,"url":"https:\/\/www.hamel-france.com\/boutique\/wp-content\/uploads\/sites\/2\/2023\/05\/ventilateur-extraction-silair-3-kw-triphase-230-400.jpg","type":"image\/jpeg"}],"twitter_card":"summary_large_image","twitter_misc":{"Dur\u00e9e de lecture estim\u00e9e":"1 minute"},"schema":{"@context":"https:\/\/schema.org","@graph":[{"@type":"WebPage","@id":"https:\/\/www.hamel-france.com\/boutique\/produit\/ventilateur-55kw-stockage-a-plat\/","url":"https:\/\/www.hamel-france.com\/boutique\/produit\/ventilateur-55kw-stockage-a-plat\/","name":"Ventilateur 5,5Kw pour la ventilations des cellules et silos de stockage","isPartOf":{"@id":"https:\/\/www.hamel-france.com\/boutique\/#website"},"datePublished":"2023-05-26T08:12:47+00:00","dateModified":"2026-04-08T13:34:45+00:00","description":"Ventilateur 5,5Kw pour silos de stockage. Id\u00e9al pour ventiler les silos jusqu'\u00e0 11 m\u00e8tres de diam\u00e8tre, livraison franco de port","breadcrumb":{"@id":"https:\/\/www.hamel-france.com\/boutique\/produit\/ventilateur-55kw-stockage-a-plat\/#breadcrumb"},"inLanguage":"fr-FR","potentialAction":[{"@type":"ReadAction","target":["https:\/\/www.hamel-france.com\/boutique\/produit\/ventilateur-55kw-stockage-a-plat\/"]}]},{"@type":"BreadcrumbList","@id":"https:\/\/www.hamel-france.com\/boutique\/produit\/ventilateur-55kw-stockage-a-plat\/#breadcrumb","itemListElement":[{"@type":"ListItem","position":1,"name":"Accueil","item":"https:\/\/www.hamel-france.com\/boutique\/"},{"@type":"ListItem","position":2,"name":"Boutique","item":"https:\/\/www.hamel-france.com\/boutique\/boutique\/"},{"@type":"ListItem","position":3,"name":"Ventilateur 5,5Kw pour cellule de stockage et stockage \u00e0 plat"}]},{"@type":"WebSite","@id":"https:\/\/www.hamel-france.com\/boutique\/#website","url":"https:\/\/www.hamel-france.com\/boutique\/","name":"Boutique Hamel","description":"Vente en ligne d&#039;\u00e9quipements&lt;br \/&gt; pour le stockage du grain et le mat\u00e9riel d&#039;\u00e9levage","publisher":{"@id":"https:\/\/www.hamel-france.com\/boutique\/#organization"},"potentialAction":[{"@type":"SearchAction","target":{"@type":"EntryPoint","urlTemplate":"https:\/\/www.hamel-france.com\/boutique\/?s={search_term_string}"},"query-input":"required name=search_term_string"}],"inLanguage":"fr-FR"},{"@type":"Organization","@id":"https:\/\/www.hamel-france.com\/boutique\/#organization","name":"Boutique Hamel","url":"https:\/\/www.hamel-france.com\/boutique\/","logo":{"@type":"ImageObject","inLanguage":"fr-FR","@id":"https:\/\/www.hamel-france.com\/boutique\/#\/schema\/logo\/image\/","url":"https:\/\/www.hamel-france.com\/boutique\/wp-content\/uploads\/sites\/2\/2018\/01\/logo-hamel.png","contentUrl":"https:\/\/www.hamel-france.com\/boutique\/wp-content\/uploads\/sites\/2\/2018\/01\/logo-hamel.png","width":470,"height":110,"caption":"Boutique Hamel"},"image":{"@id":"https:\/\/www.hamel-france.com\/boutique\/#\/schema\/logo\/image\/"}}]}},"_links":{"self":[{"href":"https:\/\/www.hamel-france.com\/boutique\/wp-json\/wp\/v2\/product\/31277"}],"collection":[{"href":"https:\/\/www.hamel-france.com\/boutique\/wp-json\/wp\/v2\/product"}],"about":[{"href":"https:\/\/www.hamel-france.com\/boutique\/wp-json\/wp\/v2\/types\/product"}],"wp:featuredmedia":[{"embeddable":true,"href":"https:\/\/www.hamel-france.com\/boutique\/wp-json\/wp\/v2\/media\/31256"}],"wp:attachment":[{"href":"https:\/\/www.hamel-france.com\/boutique\/wp-json\/wp\/v2\/media?parent=31277"}],"wp:term":[{"taxonomy":"product_cat","embeddable":true,"href":"https:\/\/www.hamel-france.com\/boutique\/wp-json\/wp\/v2\/product_cat?post=31277"},{"taxonomy":"product_tag","embeddable":true,"href":"https:\/\/www.hamel-france.com\/boutique\/wp-json\/wp\/v2\/product_tag?post=31277"}],"curies":[{"name":"wp","href":"https:\/\/api.w.org\/{rel}","templated":true}]}}