{"id":31274,"date":"2023-05-26T08:59:02","date_gmt":"2023-05-26T06:59:02","guid":{"rendered":"https:\/\/www.hamel-france.com\/boutique\/?post_type=product&#038;p=31274"},"modified":"2026-04-08T15:30:57","modified_gmt":"2026-04-08T13:30:57","slug":"ventilateur-3kw-pour-cellule-de-stockage","status":"publish","type":"product","link":"https:\/\/www.hamel-france.com\/boutique\/produit\/ventilateur-3kw-pour-cellule-de-stockage\/","title":{"rendered":"Ventilateur 3Kw silo \u00e0 grains"},"content":{"rendered":"<p>Compatibilit\u00e9 du ventilateur 3 kW selon le type de cellule \u00e0 grain (voir tableau) :<\/p>\n<p><a href=\"https:\/\/www.hamel-france.com\/boutique\/wp-content\/uploads\/sites\/2\/2026\/04\/tableau-ventilateur-silo-a-grain.jpg\"><img loading=\"lazy\" decoding=\"async\" class=\"aligncenter wp-image-36884 size-full\" src=\"https:\/\/www.hamel-france.com\/boutique\/wp-content\/uploads\/sites\/2\/2026\/04\/tableau-ventilateur-silo-a-grain.jpg\" alt=\"\" width=\"859\" height=\"277\" srcset=\"https:\/\/www.hamel-france.com\/boutique\/wp-content\/uploads\/sites\/2\/2026\/04\/tableau-ventilateur-silo-a-grain.jpg 859w, https:\/\/www.hamel-france.com\/boutique\/wp-content\/uploads\/sites\/2\/2026\/04\/tableau-ventilateur-silo-a-grain-300x97.jpg 300w, https:\/\/www.hamel-france.com\/boutique\/wp-content\/uploads\/sites\/2\/2026\/04\/tableau-ventilateur-silo-a-grain-768x248.jpg 768w, https:\/\/www.hamel-france.com\/boutique\/wp-content\/uploads\/sites\/2\/2026\/04\/tableau-ventilateur-silo-a-grain-24x8.jpg 24w, https:\/\/www.hamel-france.com\/boutique\/wp-content\/uploads\/sites\/2\/2026\/04\/tableau-ventilateur-silo-a-grain-36x12.jpg 36w, https:\/\/www.hamel-france.com\/boutique\/wp-content\/uploads\/sites\/2\/2026\/04\/tableau-ventilateur-silo-a-grain-48x15.jpg 48w, https:\/\/www.hamel-france.com\/boutique\/wp-content\/uploads\/sites\/2\/2026\/04\/tableau-ventilateur-silo-a-grain-416x134.jpg 416w\" sizes=\"(max-width: 859px) 100vw, 859px\" \/><\/a><\/p>\n<p><strong>Le ventilateur 3Kw est livr\u00e9 avec\u00a0 :<\/strong><\/p>\n<ul>\n<li>Buse de sortie \u00d8350mm<\/li>\n<li>Poign\u00e9e de transport<\/li>\n<li>Chassis mont\u00e9 sur roues<\/li>\n<\/ul>\n<p>De conception robuste ce ventilateur est facilement d\u00e9pla\u00e7able gr\u00e2ce \u00e0 ses grandes roues et sa poign\u00e9e de transport.<\/p>\n<p>Avec un poids de <strong>77 kg,<\/strong> le ventilateur vous garantit <strong>robustesse et solidit\u00e9<\/strong>.<\/p>\n<p><span style=\"color: #0d4f45\"><strong>Livraison franco de port en France m\u00e9tropolitaine.<\/strong>\u00a0<\/span><\/p>\n<p>Livr\u00e9 sans coffret \u00e9lectrique, ni raccord souple de raccordement.<\/p>\n<p>&nbsp;<\/p>\n<p>&nbsp;<\/p>\n<p>D&#8217;autres mod\u00e8les sont disponbibles : <a href=\"https:\/\/www.hamel-france.com\/boutique\/contact\/\" target=\"_blank\" rel=\"noopener noreferrer\">nous consulter ici<\/a><\/p>\n","protected":false},"excerpt":{"rendered":"<p>Sp\u00e9cialement \u00e9tudi\u00e9 pour les silos et le stockage \u00e0 plat, ce ventilateur 3kw garantit une baisse de temp\u00e9rature rapide et uniforme. C\u2019est la barri\u00e8re ultime pour figer vos r\u00e9coltes et neutraliser instantan\u00e9ment la prolif\u00e9ration des insectes et des champignons.<\/p>\n","protected":false},"featured_media":31256,"template":"","meta":{"_mi_skip_tracking":false,"_exactmetrics_sitenote_active":false,"_exactmetrics_sitenote_note":"","_exactmetrics_sitenote_category":0},"product_cat":[66],"product_tag":[],"acf":[],"yoast_head":"<!-- This site is optimized with the Yoast SEO plugin v21.7 - https:\/\/yoast.com\/wordpress\/plugins\/seo\/ -->\n<title>Ventilateur 3Kw silo \u00e0 grains<\/title>\n<meta name=\"description\" content=\"Ventilateur 3Kw pour silo \u00e0 grains. Id\u00e9al pour ventiler les silos jusqu&#039;\u00e0 9 m\u00e8tres de diam\u00e8tre, livraison franco de port\" \/>\n<meta name=\"robots\" content=\"index, follow, max-snippet:-1, max-image-preview:large, max-video-preview:-1\" \/>\n<link rel=\"canonical\" href=\"https:\/\/www.hamel-france.com\/boutique\/produit\/ventilateur-3kw-pour-cellule-de-stockage\/\" \/>\n<meta property=\"og:locale\" content=\"fr_FR\" \/>\n<meta property=\"og:type\" content=\"article\" \/>\n<meta property=\"og:title\" content=\"Ventilateur 3Kw silo \u00e0 grains\" \/>\n<meta property=\"og:description\" content=\"Ventilateur 3Kw pour silo \u00e0 grains. Id\u00e9al pour ventiler les silos jusqu&#039;\u00e0 9 m\u00e8tres de diam\u00e8tre, livraison franco de port\" \/>\n<meta property=\"og:url\" content=\"https:\/\/www.hamel-france.com\/boutique\/produit\/ventilateur-3kw-pour-cellule-de-stockage\/\" \/>\n<meta property=\"og:site_name\" content=\"Boutique Hamel\" \/>\n<meta property=\"article:modified_time\" content=\"2026-04-08T13:30:57+00:00\" \/>\n<meta property=\"og:image\" content=\"https:\/\/www.hamel-france.com\/boutique\/wp-content\/uploads\/sites\/2\/2023\/05\/ventilateur-extraction-silair-3-kw-triphase-230-400.jpg\" \/>\n\t<meta property=\"og:image:width\" content=\"1000\" \/>\n\t<meta property=\"og:image:height\" content=\"1000\" \/>\n\t<meta property=\"og:image:type\" content=\"image\/jpeg\" \/>\n<meta name=\"twitter:card\" content=\"summary_large_image\" \/>\n<meta name=\"twitter:label1\" content=\"Dur\u00e9e de lecture estim\u00e9e\" \/>\n\t<meta name=\"twitter:data1\" content=\"1 minute\" \/>\n<script type=\"application\/ld+json\" class=\"yoast-schema-graph\">{\"@context\":\"https:\/\/schema.org\",\"@graph\":[{\"@type\":\"WebPage\",\"@id\":\"https:\/\/www.hamel-france.com\/boutique\/produit\/ventilateur-3kw-pour-cellule-de-stockage\/\",\"url\":\"https:\/\/www.hamel-france.com\/boutique\/produit\/ventilateur-3kw-pour-cellule-de-stockage\/\",\"name\":\"Ventilateur 3Kw silo \u00e0 grains\",\"isPartOf\":{\"@id\":\"https:\/\/www.hamel-france.com\/boutique\/#website\"},\"datePublished\":\"2023-05-26T06:59:02+00:00\",\"dateModified\":\"2026-04-08T13:30:57+00:00\",\"description\":\"Ventilateur 3Kw pour silo \u00e0 grains. Id\u00e9al pour ventiler les silos jusqu'\u00e0 9 m\u00e8tres de diam\u00e8tre, livraison franco de port\",\"breadcrumb\":{\"@id\":\"https:\/\/www.hamel-france.com\/boutique\/produit\/ventilateur-3kw-pour-cellule-de-stockage\/#breadcrumb\"},\"inLanguage\":\"fr-FR\",\"potentialAction\":[{\"@type\":\"ReadAction\",\"target\":[\"https:\/\/www.hamel-france.com\/boutique\/produit\/ventilateur-3kw-pour-cellule-de-stockage\/\"]}]},{\"@type\":\"BreadcrumbList\",\"@id\":\"https:\/\/www.hamel-france.com\/boutique\/produit\/ventilateur-3kw-pour-cellule-de-stockage\/#breadcrumb\",\"itemListElement\":[{\"@type\":\"ListItem\",\"position\":1,\"name\":\"Accueil\",\"item\":\"https:\/\/www.hamel-france.com\/boutique\/\"},{\"@type\":\"ListItem\",\"position\":2,\"name\":\"Boutique\",\"item\":\"https:\/\/www.hamel-france.com\/boutique\/boutique\/\"},{\"@type\":\"ListItem\",\"position\":3,\"name\":\"Ventilateur 3Kw silo \u00e0 grains\"}]},{\"@type\":\"WebSite\",\"@id\":\"https:\/\/www.hamel-france.com\/boutique\/#website\",\"url\":\"https:\/\/www.hamel-france.com\/boutique\/\",\"name\":\"Boutique Hamel\",\"description\":\"Vente en ligne d&#039;\u00e9quipements&lt;br \/&gt; pour le stockage du grain et le mat\u00e9riel d&#039;\u00e9levage\",\"publisher\":{\"@id\":\"https:\/\/www.hamel-france.com\/boutique\/#organization\"},\"potentialAction\":[{\"@type\":\"SearchAction\",\"target\":{\"@type\":\"EntryPoint\",\"urlTemplate\":\"https:\/\/www.hamel-france.com\/boutique\/?s={search_term_string}\"},\"query-input\":\"required name=search_term_string\"}],\"inLanguage\":\"fr-FR\"},{\"@type\":\"Organization\",\"@id\":\"https:\/\/www.hamel-france.com\/boutique\/#organization\",\"name\":\"Boutique Hamel\",\"url\":\"https:\/\/www.hamel-france.com\/boutique\/\",\"logo\":{\"@type\":\"ImageObject\",\"inLanguage\":\"fr-FR\",\"@id\":\"https:\/\/www.hamel-france.com\/boutique\/#\/schema\/logo\/image\/\",\"url\":\"https:\/\/www.hamel-france.com\/boutique\/wp-content\/uploads\/sites\/2\/2018\/01\/logo-hamel.png\",\"contentUrl\":\"https:\/\/www.hamel-france.com\/boutique\/wp-content\/uploads\/sites\/2\/2018\/01\/logo-hamel.png\",\"width\":470,\"height\":110,\"caption\":\"Boutique Hamel\"},\"image\":{\"@id\":\"https:\/\/www.hamel-france.com\/boutique\/#\/schema\/logo\/image\/\"}}]}<\/script>\n<!-- \/ Yoast SEO plugin. -->","yoast_head_json":{"title":"Ventilateur 3Kw silo \u00e0 grains","description":"Ventilateur 3Kw pour silo \u00e0 grains. Id\u00e9al pour ventiler les silos jusqu'\u00e0 9 m\u00e8tres de diam\u00e8tre, livraison franco de port","robots":{"index":"index","follow":"follow","max-snippet":"max-snippet:-1","max-image-preview":"max-image-preview:large","max-video-preview":"max-video-preview:-1"},"canonical":"https:\/\/www.hamel-france.com\/boutique\/produit\/ventilateur-3kw-pour-cellule-de-stockage\/","og_locale":"fr_FR","og_type":"article","og_title":"Ventilateur 3Kw silo \u00e0 grains","og_description":"Ventilateur 3Kw pour silo \u00e0 grains. Id\u00e9al pour ventiler les silos jusqu'\u00e0 9 m\u00e8tres de diam\u00e8tre, livraison franco de port","og_url":"https:\/\/www.hamel-france.com\/boutique\/produit\/ventilateur-3kw-pour-cellule-de-stockage\/","og_site_name":"Boutique Hamel","article_modified_time":"2026-04-08T13:30:57+00:00","og_image":[{"width":1000,"height":1000,"url":"https:\/\/www.hamel-france.com\/boutique\/wp-content\/uploads\/sites\/2\/2023\/05\/ventilateur-extraction-silair-3-kw-triphase-230-400.jpg","type":"image\/jpeg"}],"twitter_card":"summary_large_image","twitter_misc":{"Dur\u00e9e de lecture estim\u00e9e":"1 minute"},"schema":{"@context":"https:\/\/schema.org","@graph":[{"@type":"WebPage","@id":"https:\/\/www.hamel-france.com\/boutique\/produit\/ventilateur-3kw-pour-cellule-de-stockage\/","url":"https:\/\/www.hamel-france.com\/boutique\/produit\/ventilateur-3kw-pour-cellule-de-stockage\/","name":"Ventilateur 3Kw silo \u00e0 grains","isPartOf":{"@id":"https:\/\/www.hamel-france.com\/boutique\/#website"},"datePublished":"2023-05-26T06:59:02+00:00","dateModified":"2026-04-08T13:30:57+00:00","description":"Ventilateur 3Kw pour silo \u00e0 grains. Id\u00e9al pour ventiler les silos jusqu'\u00e0 9 m\u00e8tres de diam\u00e8tre, livraison franco de port","breadcrumb":{"@id":"https:\/\/www.hamel-france.com\/boutique\/produit\/ventilateur-3kw-pour-cellule-de-stockage\/#breadcrumb"},"inLanguage":"fr-FR","potentialAction":[{"@type":"ReadAction","target":["https:\/\/www.hamel-france.com\/boutique\/produit\/ventilateur-3kw-pour-cellule-de-stockage\/"]}]},{"@type":"BreadcrumbList","@id":"https:\/\/www.hamel-france.com\/boutique\/produit\/ventilateur-3kw-pour-cellule-de-stockage\/#breadcrumb","itemListElement":[{"@type":"ListItem","position":1,"name":"Accueil","item":"https:\/\/www.hamel-france.com\/boutique\/"},{"@type":"ListItem","position":2,"name":"Boutique","item":"https:\/\/www.hamel-france.com\/boutique\/boutique\/"},{"@type":"ListItem","position":3,"name":"Ventilateur 3Kw silo \u00e0 grains"}]},{"@type":"WebSite","@id":"https:\/\/www.hamel-france.com\/boutique\/#website","url":"https:\/\/www.hamel-france.com\/boutique\/","name":"Boutique Hamel","description":"Vente en ligne d&#039;\u00e9quipements&lt;br \/&gt; pour le stockage du grain et le mat\u00e9riel d&#039;\u00e9levage","publisher":{"@id":"https:\/\/www.hamel-france.com\/boutique\/#organization"},"potentialAction":[{"@type":"SearchAction","target":{"@type":"EntryPoint","urlTemplate":"https:\/\/www.hamel-france.com\/boutique\/?s={search_term_string}"},"query-input":"required name=search_term_string"}],"inLanguage":"fr-FR"},{"@type":"Organization","@id":"https:\/\/www.hamel-france.com\/boutique\/#organization","name":"Boutique Hamel","url":"https:\/\/www.hamel-france.com\/boutique\/","logo":{"@type":"ImageObject","inLanguage":"fr-FR","@id":"https:\/\/www.hamel-france.com\/boutique\/#\/schema\/logo\/image\/","url":"https:\/\/www.hamel-france.com\/boutique\/wp-content\/uploads\/sites\/2\/2018\/01\/logo-hamel.png","contentUrl":"https:\/\/www.hamel-france.com\/boutique\/wp-content\/uploads\/sites\/2\/2018\/01\/logo-hamel.png","width":470,"height":110,"caption":"Boutique Hamel"},"image":{"@id":"https:\/\/www.hamel-france.com\/boutique\/#\/schema\/logo\/image\/"}}]}},"_links":{"self":[{"href":"https:\/\/www.hamel-france.com\/boutique\/wp-json\/wp\/v2\/product\/31274"}],"collection":[{"href":"https:\/\/www.hamel-france.com\/boutique\/wp-json\/wp\/v2\/product"}],"about":[{"href":"https:\/\/www.hamel-france.com\/boutique\/wp-json\/wp\/v2\/types\/product"}],"wp:featuredmedia":[{"embeddable":true,"href":"https:\/\/www.hamel-france.com\/boutique\/wp-json\/wp\/v2\/media\/31256"}],"wp:attachment":[{"href":"https:\/\/www.hamel-france.com\/boutique\/wp-json\/wp\/v2\/media?parent=31274"}],"wp:term":[{"taxonomy":"product_cat","embeddable":true,"href":"https:\/\/www.hamel-france.com\/boutique\/wp-json\/wp\/v2\/product_cat?post=31274"},{"taxonomy":"product_tag","embeddable":true,"href":"https:\/\/www.hamel-france.com\/boutique\/wp-json\/wp\/v2\/product_tag?post=31274"}],"curies":[{"name":"wp","href":"https:\/\/api.w.org\/{rel}","templated":true}]}}